{"id":57,"date":"2021-01-05T15:11:18","date_gmt":"2021-01-05T14:11:18","guid":{"rendered":"https:\/\/svenskaskolanikoeln.de\/?page_id=57"},"modified":"2026-04-26T13:16:01","modified_gmt":"2026-04-26T11:16:01","slug":"foerskolan-skolan","status":"publish","type":"page","link":"https:\/\/svenskaskolanikoeln.de\/?page_id=57","title":{"rendered":"F\u00f6rskolan &#038; skolan"},"content":{"rendered":"\n<h4 class=\"wp-block-heading\">Svenska f\u00f6rskolan<\/h4>\n\n\n\n<p>Svenska f\u00f6rskolan \u00e4r f\u00f6r barn fr\u00e5n 3 till 6 \u00e5r som \u00e4nnu inte b\u00f6rjat skolan. F\u00f6r n\u00e4rvarande har vi en grupp. De sjunger svenska s\u00e5nger, leker svenska lekar, l\u00e4ser svenska sagor och g\u00f6r enklare pyssel. Beroende p\u00e5 barnets \u00e5lder kan en f\u00f6r\u00e4lders n\u00e4rvaro kr\u00e4vas.&nbsp;<\/p>\n\n\n\n<p>Det f\u00f6rskolan vill uppn\u00e5 \u00e4r att st\u00e4rka banden till Sverige samt intressera och f\u00f6rbereda barnen f\u00f6r ytterligare studier i det svenska spr\u00e5ket. M\u00e5let \u00e4r att barnen ska omges av och \u00f6va det svenska spr\u00e5ket, vistas bland andra svensktalande barn och vuxna s\u00e5 att de i m\u00f6jligaste m\u00e5n uppmuntras att beh\u00e5lla sitt svenska spr\u00e5k. All undervisning sker p\u00e5 svenska. F\u00f6r att barnet b\u00e4st ska kunna tillgodog\u00f6ra sig undervisningen \u00e4r det d\u00e4rf\u00f6r viktigt att det talas svenska i hemmet.&nbsp;<\/p>\n\n\n\n<p>F\u00f6rskolan fungerar ocks\u00e5 som en tr\u00e4ffpunkt f\u00f6r sm\u00e5barnsf\u00f6r\u00e4ldrar d\u00e4r man kan samtala och utbyta erfarenheter.<\/p>\n\n\n\n<p>F\u00f6rskolan tr\u00e4ffas varannan l\u00f6rdag p\u00e5 Stollwerck 10-11:30<\/p>\n\n\n\n<p><\/p>\n\n\n\n<h4 class=\"wp-block-heading\">Svenska skolan<\/h4>\n\n\n\n<p>Svenska skolan tar emot elever fr\u00e5n 6-18 \u00e5rs \u00e5lder och erbjuder kompletterande undervisning i svenska. Eleverna m\u00e5ste ha baskunskaper i svenska f\u00f6r att kunna delta. Det \u00f6vergripande m\u00e5let \u00e4r att ge eleverna en kompletterande undervisning i det svenska spr\u00e5ket och svensk kultur. \u00a0De \u00e4r indelade i olika klasser efter \u00e5lder och f\u00f6rkunskaper. I undervisningen ing\u00e5r l\u00e4sning, skrivning, muntliga \u00f6vningar, Sveriges geografi, svensk historia och svensk naturkunskap.\u00a0Just nu har vi en &#8222;liten&#8220; (Grundschule) och en &#8222;stor&#8220;(weiterf\u00fchrende Schule) grupp.<\/p>\n\n\n\n<p>Svenska Skolans verksamhet styrs av regler fr\u00e5n det Svenska Skolverket, som ocks\u00e5 bidrar ekonomiskt till verksamheten. Skolverket kr\u00e4ver att minst en v\u00e5rdnadshavare \u00e4r svensk medborgare och huvudsakligen anv\u00e4nder svenska i det dagliga umg\u00e4nget med barnet.<\/p>\n\n\n\n<p>Undervisningen f\u00f6rskolan sker varannan torsdag i grundskolan Zwirnerstrasse i s\u00f6dra K\u00f6ln och varannan l\u00f6rdag p\u00e5 B\u00fcrgerhaus Stollwerck.<\/p>\n\n\n\n<p>Torsdagar: Lilla gruppen 16-17:30, stora gruppen 17:30-19:00<\/p>\n\n\n\n<p>L\u00f6rdagar: Lilla gruppen 10-11:30, stora gruppen 11:30-13:00<\/p>\n","protected":false},"excerpt":{"rendered":"<p>Svenska f\u00f6rskolan Svenska f\u00f6rskolan \u00e4r f\u00f6r barn fr\u00e5n 3 till 6 \u00e5r som \u00e4nnu inte b\u00f6rjat skolan. F\u00f6r n\u00e4rvarande har<\/p>\n<p><a href=\"https:\/\/svenskaskolanikoeln.de\/?page_id=57\" class=\"more-link\">Continue reading<span class=\"screen-reader-text\">F\u00f6rskolan &#038; skolan<\/span><\/a><\/p>\n","protected":false},"author":3,"featured_media":0,"parent":0,"menu_order":0,"comment_status":"closed","ping_status":"closed","template":"","meta":{"footnotes":""},"class_list":["post-57","page","type-page","status-publish","hentry"],"_links":{"self":[{"href":"https:\/\/svenskaskolanikoeln.de\/index.php?rest_route=\/wp\/v2\/pages\/57","targetHints":{"allow":["GET"]}}],"collection":[{"href":"https:\/\/svenskaskolanikoeln.de\/index.php?rest_route=\/wp\/v2\/pages"}],"about":[{"href":"https:\/\/svenskaskolanikoeln.de\/index.php?rest_route=\/wp\/v2\/types\/page"}],"author":[{"embeddable":true,"href":"https:\/\/svenskaskolanikoeln.de\/index.php?rest_route=\/wp\/v2\/users\/3"}],"replies":[{"embeddable":true,"href":"https:\/\/svenskaskolanikoeln.de\/index.php?rest_route=%2Fwp%2Fv2%2Fcomments&post=57"}],"version-history":[{"count":4,"href":"https:\/\/svenskaskolanikoeln.de\/index.php?rest_route=\/wp\/v2\/pages\/57\/revisions"}],"predecessor-version":[{"id":151,"href":"https:\/\/svenskaskolanikoeln.de\/index.php?rest_route=\/wp\/v2\/pages\/57\/revisions\/151"}],"wp:attachment":[{"href":"https:\/\/svenskaskolanikoeln.de\/index.php?rest_route=%2Fwp%2Fv2%2Fmedia&parent=57"}],"curies":[{"name":"wp","href":"https:\/\/api.w.org\/{rel}","templated":true}]}}